{"id":80,"date":"2020-12-30T11:13:00","date_gmt":"2020-12-30T10:13:00","guid":{"rendered":"http:\/\/olivetvousaccueil.fr\/?page_id=80"},"modified":"2025-11-23T11:39:50","modified_gmt":"2025-11-23T10:39:50","slug":"contact","status":"publish","type":"page","link":"https:\/\/olivetvousaccueil.fr\/?page_id=80","title":{"rendered":"Contacts du bureau de l&rsquo;association :"},"content":{"rendered":"\n<hr class=\"wp-block-separator has-alpha-channel-opacity\"\/>\n\n\n\n<figure class=\"wp-block-table is-style-regular\"><table class=\"has-very-light-gray-to-cyan-bluish-gray-gradient-background has-text-color has-background has-fixed-layout\" style=\"color:#2b2828\"><tbody><tr><td><font _mstmutation=\"1\" _msthash=\"2801279\" _msttexthash=\"1157741\"><strong _istranslated=\"1\" _mstmutation=\"1\"> <\/strong><\/font><em><font _mstmutation=\"1\" _msthash=\"2801279\" _msttexthash=\"1157741\"><strong _istranslated=\"1\" _mstmutation=\"1\"><mark _istranslated=\"1\" style=\"background-color:rgba(0, 0, 0, 0)\" class=\"has-inline-color has-luminous-vivid-orange-color\">Jo\u00ebl<\/mark> <\/strong><mark _mstmutation=\"1\" _istranslated=\"1\" style=\"background-color:rgba(0, 0, 0, 0)\" class=\"has-inline-color has-luminous-vivid-orange-color\"><strong _istranslated=\"1\">Sevin<\/strong>,  Pr\u00e9sident<\/mark><\/font>. <br><font _mstmutation=\"1\" _msthash=\"2801279\" _msttexthash=\"1157741\"><mark _mstmutation=\"1\" _istranslated=\"1\" style=\"background-color:rgba(0, 0, 0, 0)\" class=\"has-inline-color has-luminous-vivid-orange-color\"> <strong>06.11.05.33.06<\/strong><\/mark><\/font><\/em><\/td><td><mark style=\"background-color:rgba(0, 0, 0, 0)\" class=\"has-inline-color has-luminous-vivid-orange-color\"><em><strong><strong>Monique Paillot<\/strong>, <\/strong>Vice-pr\u00e9sidente,<br>Responsable des h\u00f4tesses.<br><strong> 07.88.10.74.42<\/strong><\/em><\/mark><\/td><\/tr><tr><td><mark style=\"background-color:rgba(0, 0, 0, 0)\" class=\"has-inline-color has-luminous-vivid-orange-color\"><em><strong>Agn\u00e8s Messe,<\/strong> Secr\u00e9taire.<br><strong>06.88.77.43.80<\/strong><\/em><\/mark><\/td><td><\/td><\/tr><tr><td><\/td><td><\/td><\/tr><tr><td><mark style=\"background-color:rgba(0, 0, 0, 0)\" class=\"has-inline-color has-luminous-vivid-orange-color\"><em><strong>Isabelle Laurent, <\/strong>Secr\u00e9taire adjointe <strong><br>06.73.38.40.15<\/strong><\/em><\/mark><\/td><td><mark style=\"background-color:rgba(0, 0, 0, 0)\" class=\"has-inline-color has-luminous-vivid-orange-color\"><strong style=\"font-style: italic;\">Fran\u00e7oise Caillaud <\/strong><i>,Tr\u00e9sori\u00e8re<br><strong>06.82.36.33.81<\/strong><\/i><\/mark><\/td><\/tr><tr><td>Chantal Henry : Tr\u00e9sori\u00e8re <br>06.77.59.64.59<\/td><td>Chantal Formaux : Attach\u00e9e aux sorties et voyages<br>06.28.23.23.13<\/td><\/tr><tr><td><mark style=\"background-color:rgba(0, 0, 0, 0)\" class=\"has-inline-color has-luminous-vivid-orange-color\"><em><strong>Jean-Pierre Piet, <\/strong>Spectacles<br>et animations Alliage.<strong><br>06.85.20.38.11<\/strong><\/em><\/mark><\/td><td><em><mark style=\"background-color:rgba(0, 0, 0, 0)\" class=\"has-inline-color has-luminous-vivid-orange-color\"><strong>Patrice Minzolini<\/strong> Webmaster. <br><\/mark><\/em><strong><em>06.46.24.33.09<\/em><\/strong><\/td><\/tr><\/tbody><\/table><figcaption class=\"wp-element-caption\"><font _mstmutation=\"1\" _msthash=\"2032160\"><\/font><\/figcaption><\/figure>\n\n\n\n<hr class=\"wp-block-separator has-alpha-channel-opacity is-style-wide\"\/>\n\n\n\n<p class=\"has-text-align-center has-text-color has-small-font-size\" style=\"color:#2f2c2c\"><\/p>\n\n\n\n<p class=\"has-text-align-center has-black-color has-text-color\" style=\"font-size:17px\"><mark _msthash=\"965758\" _msttexthash=\"1906294\" style=\"background-color:rgba(0, 0, 0, 0)\" class=\"has-inline-color has-vivid-cyan-blue-color\"><strong><em>Espace Jeanne Champillou  &#8211; &nbsp;504 A avenue du Loiret  &#8211;  45160 OLIVET<\/em><\/strong><\/mark><\/p>\n\n\n\n<p class=\"has-text-align-center has-black-color has-white-background-color has-text-color has-background\" style=\"font-size:17px\"><mark style=\"background-color:rgba(0, 0, 0, 0)\" class=\"has-inline-color has-vivid-cyan-blue-color\"><strong><em>T\u00e9l\u00e9phone : 09 61 24 19 87<\/em><\/strong><\/mark><\/p>\n\n\n\n<figure class=\"wp-block-table is-style-regular has-small-font-size\"><table class=\"has-pale-cyan-blue-background-color has-background\"><tbody><tr><td class=\"has-text-align-center\" data-align=\"center\"><em><strong>Notre cotisation annuelle est de 25,00 \u20ac       (valable du 1er sept au 31 Ao\u00fbt<\/strong>)<\/em><br><br><strong>ATTENTION la cotisation se prends exclusivement salle Champillou aupr\u00e8s de nos h\u00f4tesses.<br>chez nous seul le contact et la convivialit\u00e9 pr\u00e9vaut.<\/strong><br>une seule cotisation pour l\u2019ensemble de nos activit\u00e9s permanentes et programm\u00e9es.<br>Venez nous voir , parler avec nos h\u00f4tesses et d\u00e9couvrir l\u2019ensemble de nos activit\u00e9s<br><br><\/td><\/tr><\/tbody><\/table><\/figure>\n\n\n\n<div class=\"wp-block-buttons is-horizontal is-content-justification-center is-layout-flex wp-container-core-buttons-is-layout-499968f5 wp-block-buttons-is-layout-flex\">\n<div class=\"wp-block-button has-custom-width wp-block-button__width-25\"><a class=\"wp-block-button__link has-white-color has-text-color has-background has-small-font-size has-custom-font-size wp-element-button\" href=\"https:\/\/olivetvousaccueil.fr\/?page_id=762\" style=\"border-radius:2px;background:linear-gradient(107deg,rgba(6,147,227,1) 0%,rgb(155,81,224) 100%)\" target=\"_blank\" rel=\"noreferrer noopener\"><em>Nous contacter<\/em><\/a><\/div>\n<\/div>\n\n\n\n<p class=\"has-text-align-center\"><\/p>\n\n\n\n<p class=\"has-text-align-right\" style=\"font-size:10px\">Mise \u00e0 jour 18 juillet 2024<\/p>\n","protected":false},"excerpt":{"rendered":"<p>Jo\u00ebl Sevin, Pr\u00e9sident. 06.11.05.33.06 Monique Paillot, Vice-pr\u00e9sidente,Responsable des h\u00f4tesses. 07.88.10.74.42 Agn\u00e8s Messe, Secr\u00e9taire.06.88.77.43.80 Isabelle Laurent, Secr\u00e9taire adjointe 06.73.38.40.15 Fran\u00e7oise Caillaud ,Tr\u00e9sori\u00e8re06.82.36.33.81 Chantal Henry : Tr\u00e9sori\u00e8re 06.77.59.64.59 Chantal Formaux : Attach\u00e9e aux sorties et voyages06.28.23.23.13 Jean-Pierre Piet, Spectacleset animations Alliage.06.85.20.38.11 Patrice<\/p>\n","protected":false},"author":1,"featured_media":0,"parent":0,"menu_order":0,"comment_status":"closed","ping_status":"closed","template":"","meta":{"_exactmetrics_skip_tracking":false,"_exactmetrics_sitenote_active":false,"_exactmetrics_sitenote_note":"","_exactmetrics_sitenote_category":0,"_monsterinsights_skip_tracking":false,"_monsterinsights_sitenote_active":false,"_monsterinsights_sitenote_note":"","_monsterinsights_sitenote_category":0,"footnotes":""},"class_list":["post-80","page","type-page","status-publish","hentry"],"_links":{"self":[{"href":"https:\/\/olivetvousaccueil.fr\/index.php?rest_route=\/wp\/v2\/pages\/80","targetHints":{"allow":["GET"]}}],"collection":[{"href":"https:\/\/olivetvousaccueil.fr\/index.php?rest_route=\/wp\/v2\/pages"}],"about":[{"href":"https:\/\/olivetvousaccueil.fr\/index.php?rest_route=\/wp\/v2\/types\/page"}],"author":[{"embeddable":true,"href":"https:\/\/olivetvousaccueil.fr\/index.php?rest_route=\/wp\/v2\/users\/1"}],"replies":[{"embeddable":true,"href":"https:\/\/olivetvousaccueil.fr\/index.php?rest_route=%2Fwp%2Fv2%2Fcomments&post=80"}],"version-history":[{"count":94,"href":"https:\/\/olivetvousaccueil.fr\/index.php?rest_route=\/wp\/v2\/pages\/80\/revisions"}],"predecessor-version":[{"id":2724,"href":"https:\/\/olivetvousaccueil.fr\/index.php?rest_route=\/wp\/v2\/pages\/80\/revisions\/2724"}],"wp:attachment":[{"href":"https:\/\/olivetvousaccueil.fr\/index.php?rest_route=%2Fwp%2Fv2%2Fmedia&parent=80"}],"curies":[{"name":"wp","href":"https:\/\/api.w.org\/{rel}","templated":true}]}}