{"id":285,"date":"2021-01-11T11:15:18","date_gmt":"2021-01-11T10:15:18","guid":{"rendered":"http:\/\/olivetvousaccueil.fr\/?page_id=285"},"modified":"2026-03-16T09:35:51","modified_gmt":"2026-03-16T08:35:51","slug":"marches-du-lundi","status":"publish","type":"page","link":"https:\/\/olivetvousaccueil.fr\/?page_id=285","title":{"rendered":"Balade p\u00e9destre du lundi :"},"content":{"rendered":"\n<p><\/p>\n\n\n\n<p>Bonjour veuillez trouver ci joint le fichier des responsabilit\u00e9s pour,les ballades du premier trimestre de 2026.<\/p>\n\n\n\n<p><\/p>\n\n\n\n<figure class=\"wp-block-image size-large\"><img decoding=\"async\" src=\"https:\/\/olivetvousaccueil.fr\/wp-content\/uploads\/OVA-balades-du-lundi-avril-A-juin-2026.pdf\" alt=\"\"\/><\/figure>\n\n\n\n<figure class=\"wp-block-table is-style-regular\"><table class=\"has-pale-cyan-blue-background-color has-background\"><tbody><tr><td><\/td><\/tr><\/tbody><\/table><\/figure>\n\n\n\n<p><\/p>\n\n\n<div class=\"wp-block-image\">\n<figure class=\"aligncenter size-full\"><img loading=\"lazy\" decoding=\"async\" width=\"801\" height=\"534\" src=\"https:\/\/olivetvousaccueil.fr\/wp-content\/uploads\/2023\/07\/balade-du-lundi-les-tacreniers.jpg\" alt=\"\" class=\"wp-image-1764\" srcset=\"https:\/\/olivetvousaccueil.fr\/wp-content\/uploads\/2023\/07\/balade-du-lundi-les-tacreniers.jpg 801w, https:\/\/olivetvousaccueil.fr\/wp-content\/uploads\/2023\/07\/balade-du-lundi-les-tacreniers-300x200.jpg 300w, https:\/\/olivetvousaccueil.fr\/wp-content\/uploads\/2023\/07\/balade-du-lundi-les-tacreniers-768x512.jpg 768w\" sizes=\"auto, (max-width: 801px) 100vw, 801px\" \/><\/figure>\n<\/div>\n\n\n<figure class=\"wp-block-table is-style-regular\"><table class=\"has-pale-cyan-blue-background-color has-background\"><tbody><tr><td><\/td><\/tr><\/tbody><\/table><\/figure>\n\n\n<div class=\"wp-block-image\">\n<figure class=\"aligncenter size-large is-resized\"><img decoding=\"async\" src=\"https:\/\/olivetvousaccueil.fr\/wp-content\/uploads\/2021\/08\/ova-marche-Morchene-MOD-1024x577.jpg\" alt=\"\" class=\"wp-image-1086\" style=\"width:975px;height:549px\"\/><figcaption class=\"wp-element-caption\"><mark style=\"background-color:rgba(0, 0, 0, 0)\" class=\"has-inline-color has-black-color\"> <strong>En p\u00e9riode normale, c&rsquo;est-\u00e0-dire en hiver et au printemps, 50 \u00e0 70 baladeurs sont pr\u00e9sents. <\/strong> <\/mark><\/figcaption><\/figure>\n<\/div>\n\n\n<figure class=\"wp-block-table is-style-regular\"><table class=\"has-pale-cyan-blue-background-color has-background\"><tbody><tr><td><\/td><\/tr><\/tbody><\/table><\/figure>\n\n\n\n<div class=\"wp-block-group alignfull\"><div class=\"wp-block-group__inner-container is-layout-flow wp-block-group-is-layout-flow\">\n<p class=\"has-text-align-center\"><mark style=\"background-color:rgba(0, 0, 0, 0)\" class=\"has-inline-color has-vivid-cyan-blue-color\"><strong>Les balades p\u00e9destres se font principalement en Sologne et les parcours varient&nbsp;entre 10 \u00e0 12 km.<\/strong><\/mark><\/p>\n\n\n\n<p class=\"has-text-align-center\"><mark style=\"background-color:rgba(0, 0, 0, 0)\" class=\"has-inline-color has-vivid-cyan-blue-color\"><strong>Le d\u00e9part a lieu chaque&nbsp;lundi&nbsp;du parking ALLIAGE \u00e0 13h45 &nbsp;(*)<\/strong><\/mark><\/p>\n\n\n\n<p class=\"has-text-align-center\"><mark _msthash=\"1016782\" _msttexthash=\"2507479\" style=\"background-color:rgba(0, 0, 0, 0)\" class=\"has-inline-color has-vivid-cyan-blue-color\"><strong _msthash=\"1060528\" _msttexthash=\"2507479\">Important : <em _istranslated=\"1\">Rendez-vous \u00e0 13h30 pour un d\u00e9part \u00e0 13h45 pr\u00e9cise<\/em>s.<\/strong><\/mark><\/p>\n\n\n\n<p class=\"has-text-align-center has-black-color has-text-color\"><em><mark style=\"background-color:rgba(0, 0, 0, 0);color:#494e4c\" class=\"has-inline-color\">(*) d\u00e9part 8h30 du 15 juin au 15 septembre<\/mark><\/em><\/p>\n\n\n\n<p><\/p>\n<\/div><\/div>\n\n\n\n<p class=\"has-text-align-right\" style=\"font-size:10px\">Mise \u00e0 jour 03 juillet  2022<\/p>\n","protected":false},"excerpt":{"rendered":"<p>Bonjour veuillez trouver ci joint le fichier des responsabilit\u00e9s pour,les ballades du premier trimestre de 2026. Les balades p\u00e9destres se font principalement en Sologne et les parcours varient&nbsp;entre 10 \u00e0 12 km. Le d\u00e9part a lieu chaque&nbsp;lundi&nbsp;du parking ALLIAGE \u00e0<\/p>\n","protected":false},"author":1,"featured_media":0,"parent":0,"menu_order":0,"comment_status":"closed","ping_status":"closed","template":"","meta":{"_exactmetrics_skip_tracking":false,"_exactmetrics_sitenote_active":false,"_exactmetrics_sitenote_note":"","_exactmetrics_sitenote_category":0,"_monsterinsights_skip_tracking":false,"_monsterinsights_sitenote_active":false,"_monsterinsights_sitenote_note":"","_monsterinsights_sitenote_category":0,"footnotes":""},"class_list":["post-285","page","type-page","status-publish","hentry"],"_links":{"self":[{"href":"https:\/\/olivetvousaccueil.fr\/index.php?rest_route=\/wp\/v2\/pages\/285","targetHints":{"allow":["GET"]}}],"collection":[{"href":"https:\/\/olivetvousaccueil.fr\/index.php?rest_route=\/wp\/v2\/pages"}],"about":[{"href":"https:\/\/olivetvousaccueil.fr\/index.php?rest_route=\/wp\/v2\/types\/page"}],"author":[{"embeddable":true,"href":"https:\/\/olivetvousaccueil.fr\/index.php?rest_route=\/wp\/v2\/users\/1"}],"replies":[{"embeddable":true,"href":"https:\/\/olivetvousaccueil.fr\/index.php?rest_route=%2Fwp%2Fv2%2Fcomments&post=285"}],"version-history":[{"count":44,"href":"https:\/\/olivetvousaccueil.fr\/index.php?rest_route=\/wp\/v2\/pages\/285\/revisions"}],"predecessor-version":[{"id":2830,"href":"https:\/\/olivetvousaccueil.fr\/index.php?rest_route=\/wp\/v2\/pages\/285\/revisions\/2830"}],"wp:attachment":[{"href":"https:\/\/olivetvousaccueil.fr\/index.php?rest_route=%2Fwp%2Fv2%2Fmedia&parent=285"}],"curies":[{"name":"wp","href":"https:\/\/api.w.org\/{rel}","templated":true}]}}