{"id":184,"date":"2021-01-11T10:17:03","date_gmt":"2021-01-11T09:17:03","guid":{"rendered":"http:\/\/olivetvousaccueil.fr\/?page_id=184"},"modified":"2025-09-26T18:14:51","modified_gmt":"2025-09-26T16:14:51","slug":"bicyclette","status":"publish","type":"page","link":"https:\/\/olivetvousaccueil.fr\/?page_id=184","title":{"rendered":"V\u00e9lo :"},"content":{"rendered":"\n<p>C\u2019est la reprise de la saison 2025\/2026 , vous trouverez ci joint deux compte rendu des ballades de reprise du mercredi et vendredi. Venez nous rejoindre pour partager ces moments conviviaux de qualite.<\/p>\n\n\n\n<p>Sortie balade \u00e0 Meung&nbsp;sur Loire le mercredi 17 septembre <strong>2025<\/strong><\/p>\n\n\n\n<p>  <a href=\"https:\/\/photos.app.goo.gl\/ef4Z1FKwE51v3sQg9\">https:\/\/photos.app.goo.gl\/ef4Z1FKwE51v3sQg9<\/a><\/p>\n\n\n\n<p>Balade entre Mauves et Loire , 25 marcheurs, tous en forme, sous un temps id\u00e9al. A l&rsquo;arriv\u00e9e, ap\u00e9ritif pour tous offert par OVA. Pique-nique apport\u00e9 par chaque participant.Nous \u00e9tions bien install\u00e9s, petit ros\u00e9 bien frais et surtout desserts en abondance comme \u00e0 chaque fois ! Ensuite,pour ceux souhaitant continuer, jeux de soci\u00e9t\u00e9..Journ\u00e9e&nbsp;r\u00e9ussie.\u00a0\u00bb<\/p>\n\n\n\n<p>S<strong>ortie v\u00e9lo\u00a0\u00bbremise en selle\u00a0\u00bb du vendredi 19 septembre suivie d&rsquo;un restaurant<\/strong><\/p>\n\n\n\n<p> <a href=\"https:\/\/photos.app.goo.gl\/uzQVWGsc56JUawKd9\">https:\/\/photos.app.goo.gl\/uzQVWGsc56JUawKd9<\/a><\/p>\n\n\n\n<p>D\u00e9part de la sortie v\u00e9lo devant chez Bernard par une belle journ\u00e9e ensoleill\u00e9e direction Meung sur Loire. A l&rsquo;arriv\u00e9e, apr\u00e8s l&rsquo;effort, le r\u00e9confort !\u00a0\u00bb<\/p>\n\n\n\n<p><\/p>\n\n\n\n<p><\/p>\n\n\n\n<p><\/p>\n\n\n\n<p><strong>Sortie du jour : <\/strong>vendredi 06 d\u00e9cembre 2024 sortie v\u00e9lo d\u00e9couverte. <br>UN parcours de 21 kilom\u00e8tres  avec un petit go\u00fbter \u00e0 M\u00e9zi\u00e8res lez cl\u00e9ry\u2026..<\/p>\n\n\n\n<figure class=\"wp-block-image size-full\"><img loading=\"lazy\" decoding=\"async\" width=\"431\" height=\"768\" src=\"https:\/\/olivetvousaccueil.fr\/wp-content\/uploads\/2024\/12\/IMG_6211.jpeg\" alt=\"\" class=\"wp-image-2149\" srcset=\"https:\/\/olivetvousaccueil.fr\/wp-content\/uploads\/2024\/12\/IMG_6211.jpeg 431w, https:\/\/olivetvousaccueil.fr\/wp-content\/uploads\/2024\/12\/IMG_6211-168x300.jpeg 168w\" sizes=\"auto, (max-width: 431px) 100vw, 431px\" \/><\/figure>\n\n\n\n<p><br><\/p>\n\n\n\n<p><\/p>\n\n\n\n<p><strong>support au TELETHON 2024<\/strong> Vendredi 29 Novembre 2024<\/p>\n\n\n\n<p>Sous un beau soleil , mais avec une petite fra\u00eecheur nous avons roul\u00e9s joyeusement pour supporter les \u00e9quipes du Telethon. <\/p>\n\n\n\n<figure class=\"wp-block-image size-large\"><img loading=\"lazy\" decoding=\"async\" width=\"1024\" height=\"768\" src=\"https:\/\/olivetvousaccueil.fr\/wp-content\/uploads\/2024\/11\/IMG_6157-1024x768.jpeg\" alt=\"\" class=\"wp-image-2078\" srcset=\"https:\/\/olivetvousaccueil.fr\/wp-content\/uploads\/2024\/11\/IMG_6157-1024x768.jpeg 1024w, https:\/\/olivetvousaccueil.fr\/wp-content\/uploads\/2024\/11\/IMG_6157-300x225.jpeg 300w, https:\/\/olivetvousaccueil.fr\/wp-content\/uploads\/2024\/11\/IMG_6157-768x576.jpeg 768w, https:\/\/olivetvousaccueil.fr\/wp-content\/uploads\/2024\/11\/IMG_6157.jpeg 1044w\" sizes=\"auto, (max-width: 1024px) 100vw, 1024px\" \/><\/figure>\n\n\n\n<figure class=\"wp-block-gallery aligncenter has-nested-images columns-default is-cropped wp-block-gallery-1 is-layout-flex wp-block-gallery-is-layout-flex\">\n<figure class=\"wp-block-image size-large is-style-default\"><img loading=\"lazy\" decoding=\"async\" width=\"830\" height=\"571\" data-id=\"680\" src=\"https:\/\/olivetvousaccueil.fr\/wp-content\/uploads\/2021\/06\/velo.jpg\" alt=\"\" class=\"wp-image-680\" srcset=\"https:\/\/olivetvousaccueil.fr\/wp-content\/uploads\/2021\/06\/velo.jpg 830w, https:\/\/olivetvousaccueil.fr\/wp-content\/uploads\/2021\/06\/velo-300x206.jpg 300w, https:\/\/olivetvousaccueil.fr\/wp-content\/uploads\/2021\/06\/velo-768x528.jpg 768w\" sizes=\"auto, (max-width: 830px) 100vw, 830px\" \/><\/figure>\n\n\n\n<figure class=\"wp-block-image size-large\"><img loading=\"lazy\" decoding=\"async\" width=\"480\" height=\"360\" data-id=\"1981\" src=\"https:\/\/olivetvousaccueil.fr\/wp-content\/uploads\/2024\/10\/IMG_6114.jpeg\" alt=\"\" class=\"wp-image-1981\" srcset=\"https:\/\/olivetvousaccueil.fr\/wp-content\/uploads\/2024\/10\/IMG_6114.jpeg 480w, https:\/\/olivetvousaccueil.fr\/wp-content\/uploads\/2024\/10\/IMG_6114-300x225.jpeg 300w\" sizes=\"auto, (max-width: 480px) 100vw, 480px\" \/><\/figure>\n\n\n\n<figure class=\"wp-block-image size-large\"><img loading=\"lazy\" decoding=\"async\" width=\"480\" height=\"360\" data-id=\"1985\" src=\"https:\/\/olivetvousaccueil.fr\/wp-content\/uploads\/2024\/10\/IMG_6115.jpeg\" alt=\"\" class=\"wp-image-1985\" srcset=\"https:\/\/olivetvousaccueil.fr\/wp-content\/uploads\/2024\/10\/IMG_6115.jpeg 480w, https:\/\/olivetvousaccueil.fr\/wp-content\/uploads\/2024\/10\/IMG_6115-300x225.jpeg 300w\" sizes=\"auto, (max-width: 480px) 100vw, 480px\" \/><\/figure>\n\n\n\n<figure class=\"wp-block-image size-large\"><img loading=\"lazy\" decoding=\"async\" width=\"480\" height=\"360\" data-id=\"1984\" src=\"https:\/\/olivetvousaccueil.fr\/wp-content\/uploads\/2024\/10\/IMG_6116.jpeg\" alt=\"\" class=\"wp-image-1984\" srcset=\"https:\/\/olivetvousaccueil.fr\/wp-content\/uploads\/2024\/10\/IMG_6116.jpeg 480w, https:\/\/olivetvousaccueil.fr\/wp-content\/uploads\/2024\/10\/IMG_6116-300x225.jpeg 300w\" sizes=\"auto, (max-width: 480px) 100vw, 480px\" \/><\/figure>\n<\/figure>\n\n\n\n<p><\/p>\n\n\n\n<p class=\"has-text-align-center\"><br><strong><span class=\"has-inline-color has-vivid-cyan-blue-color\">Chaque vendredi, Trois randonn\u00e9es de 15 \u00e0 40 kilom\u00e8tres sont organis\u00e9es,<\/span><\/strong><\/p>\n\n\n\n<p><\/p>\n\n\n\n<p class=\"has-text-align-center\"><mark style=\"background-color:rgba(0, 0, 0, 0)\" class=\"has-inline-color has-vivid-cyan-blue-color\"><strong>avec un d\u00e9part,  Place de la mairie d&rsquo;Olivet.<\/strong><\/mark><\/p>\n\n\n\n<p class=\"has-text-align-center\">Et tout chaud tout nouveau depuis cette ann\u00e9e nous avons mis en place un groupe pour cyclistes d\u00e9butants voir plus bas<\/p>\n\n\n\n<p>-Apres avoir inscrit les pr\u00e9sents pour des raisons d\u2019assurance , le choix des distances est offert .Les animateurs inscrivent le nom des pr\u00e9sents et les distances pour le compte rendu annuel.<\/p>\n\n\n\n<p>-3 groupes sont possibles selon vos envies d\u00e9pendant de la distance&nbsp; et la vitesse que vous choisissez:<\/p>\n\n\n\n<p>&nbsp; &nbsp; &nbsp;-1 de 40 \u00e0 45 KMSet le plus rapide soit de 20 \u00e0 25 KM\/H<\/p>\n\n\n\n<p>&nbsp; &nbsp; &nbsp;-1 de 30 \u00e0 35 KMS&nbsp; de vitesse 15 \u00e0 20 KM\/H<\/p>\n\n\n\n<p>&nbsp; &nbsp; &nbsp;-1 de 15 \u00e0 20 KMS vitesse 15 \u00e0 20KM\/H<\/p>\n\n\n\n<p>Le choix du parcours en boucle&nbsp; est fait par l&rsquo;animateur en tenant compte des conditions m\u00e9t\u00e9o  face ou en biais pa rapport au vent ,en variant les circuits et en prenant le maximum de&nbsp; pistes cyclables. Des variantes peuvent aussi \u00eatre propos\u00e9es par les participants\u2026..<\/p>\n\n\n\n<p>Tous les cyclistes d&rsquo;un groupe&nbsp; roulent ensemble et attendent&nbsp; les moins rapides ;des pauses r\u00e9guli\u00e8res permettent de se d\u00e9salt\u00e9rer plusieurs fois.<\/p>\n\n\n\n<p>En cas de probl\u00e8me technique ou autre le secours&nbsp; est assur\u00e9 par l&rsquo;ensemble du groupe.<\/p>\n\n\n\n<p>LA SECURITE est notre priorit\u00e9 ,le port du casque et le respect du code de la route&nbsp; est obligatoire.<\/p>\n\n\n\n<p>nous pr\u00e9conisons d&rsquo;avoir une chambre \u00e0 air de secours\u2026. <\/p>\n\n\n\n<p>Les circuits permettent de voir les sites les plus int\u00e9ressants dans un rayon de 20 \u00e0 25KM .<\/p>\n\n\n\n<p>1 OU 2 fois par an nous faisons une sortie prolong\u00e9e avec pique nique ou restaurant.<\/p>\n\n\n\n<p>NOUVEAU CETTE ANNEE : Nous avons mis en place un groupe de cyclistes debutants, en effet si nous savons tous faire du velo , rouler en peloton doit s\u2019apprendre. La vitesse et la distance est beaucoup plus courte.Les v\u00e9los a assistance \u00e9lectrique sont autoris\u00e9es , sachez simplement que la vitesse sera toujours celle du cycliste m\u00e9canique le moins rapide.<\/p>\n\n\n\n<p><\/p>\n\n\n\n<p><\/p>\n\n\n\n<figure class=\"wp-block-table\"><table class=\"has-pale-cyan-blue-background-color has-background\"><tbody><tr><td><\/td><\/tr><\/tbody><\/table><\/figure>\n\n\n\n<ul class=\"wp-block-list\">\n<li><mark style=\"background-color:rgba(0, 0, 0, 0)\" class=\"has-inline-color has-black-color\">Groupe Jean-Claude JEHIER  et Gilbert HUE \u00e0 14h00.  (\u00e0 9h00 les mois d&rsquo;\u00e9t\u00e9 ).<\/mark><\/li>\n\n\n\n<li>Groupe Bernard BOULLIN \u00e0 14 h00<\/li>\n\n\n\n<li><mark style=\"background-color:rgba(0, 0, 0, 0)\" class=\"has-inline-color has-black-color\">Groupe G\u00e9rard TILMANT \u00e0 14h00.  (\u00e0 9H00 les mois d&rsquo;\u00e9t\u00e9 ).<\/mark><\/li>\n<\/ul>\n\n\n\n<p class=\"has-text-align-center\"><mark style=\"background-color:rgba(0, 0, 0, 0)\" class=\"has-inline-color has-vivid-cyan-blue-color\">Pour votre s\u00e9curit\u00e9 et votre bien-\u00eatre nous vous invitons \u00e0 t\u00e9l\u00e9charger et \u00e0 prendre connaissance du document ci-dessous. <\/mark><\/p>\n\n\n\n<div class=\"wp-block-buttons is-horizontal is-content-justification-center is-layout-flex wp-container-core-buttons-is-layout-499968f5 wp-block-buttons-is-layout-flex\">\n<div class=\"wp-block-button\"><a class=\"wp-block-button__link has-vivid-cyan-blue-to-vivid-purple-gradient-background has-background wp-element-button\" href=\"https:\/\/olivetvousaccueil.fr\/wp-content\/uploads\/2021\/09\/Loisirs-et-securite-a-velo11066.pdf\" style=\"border-radius:0px\" target=\"_blank\" rel=\"noreferrer noopener\">Le v\u00e9lo en toute s\u00e9curit\u00e9<\/a><\/div>\n<\/div>\n\n\n\n<hr class=\"wp-block-separator has-alpha-channel-opacity\"\/>\n\n\n\n<figure class=\"wp-block-table\"><table class=\"has-pale-cyan-blue-background-color has-background\"><tbody><tr><td><\/td><\/tr><\/tbody><\/table><figcaption class=\"wp-element-caption\">Quelques Photos du groupe<\/figcaption><\/figure>\n\n\n<div class=\"wp-block-image\">\n<figure class=\"aligncenter size-full is-resized\"><img loading=\"lazy\" decoding=\"async\" width=\"652\" height=\"830\" src=\"https:\/\/olivetvousaccueil.fr\/wp-content\/uploads\/2022\/09\/Capture-decran-2022-09-19-123048.jpg\" alt=\"\" class=\"wp-image-1618\" style=\"width:784px;height:998px\" srcset=\"https:\/\/olivetvousaccueil.fr\/wp-content\/uploads\/2022\/09\/Capture-decran-2022-09-19-123048.jpg 652w, https:\/\/olivetvousaccueil.fr\/wp-content\/uploads\/2022\/09\/Capture-decran-2022-09-19-123048-236x300.jpg 236w\" sizes=\"auto, (max-width: 652px) 100vw, 652px\" \/><figcaption class=\"wp-element-caption\">Quelques photos du groupe V\u00e9lo de 2022. <\/figcaption><\/figure>\n<\/div>\n\n<div class=\"wp-block-image\">\n<figure class=\"aligncenter size-large is-resized\"><img loading=\"lazy\" decoding=\"async\" width=\"1024\" height=\"683\" src=\"https:\/\/olivetvousaccueil.fr\/wp-content\/uploads\/2023\/09\/Sortie-Velo-et-restau-1024x683.jpg\" alt=\"\" class=\"wp-image-1834\" style=\"width:794px;height:530px\" srcset=\"https:\/\/olivetvousaccueil.fr\/wp-content\/uploads\/2023\/09\/Sortie-Velo-et-restau-1024x683.jpg 1024w, https:\/\/olivetvousaccueil.fr\/wp-content\/uploads\/2023\/09\/Sortie-Velo-et-restau-300x200.jpg 300w, https:\/\/olivetvousaccueil.fr\/wp-content\/uploads\/2023\/09\/Sortie-Velo-et-restau-768x512.jpg 768w, https:\/\/olivetvousaccueil.fr\/wp-content\/uploads\/2023\/09\/Sortie-Velo-et-restau-1536x1024.jpg 1536w, https:\/\/olivetvousaccueil.fr\/wp-content\/uploads\/2023\/09\/Sortie-Velo-et-restau.jpg 1800w\" sizes=\"auto, (max-width: 1024px) 100vw, 1024px\" \/><figcaption class=\"wp-element-caption\">Quelques photos du groupe V\u00e9lo de 2023.<\/figcaption><\/figure>\n<\/div>\n\n\n<p class=\"has-text-align-right\" style=\"font-size:10px\">Mise \u00e0 jour 29 novembre 2024<\/p>\n\n\n\n<p><\/p>\n","protected":false},"excerpt":{"rendered":"<p>C\u2019est la reprise de la saison 2025\/2026 , vous trouverez ci joint deux compte rendu des ballades de reprise du mercredi et vendredi. Venez nous rejoindre pour partager ces moments conviviaux de qualite. Sortie balade \u00e0 Meung&nbsp;sur Loire le mercredi<\/p>\n","protected":false},"author":1,"featured_media":0,"parent":0,"menu_order":0,"comment_status":"closed","ping_status":"closed","template":"","meta":{"_exactmetrics_skip_tracking":false,"_exactmetrics_sitenote_active":false,"_exactmetrics_sitenote_note":"","_exactmetrics_sitenote_category":0,"_monsterinsights_skip_tracking":false,"_monsterinsights_sitenote_active":false,"_monsterinsights_sitenote_note":"","_monsterinsights_sitenote_category":0,"footnotes":""},"class_list":["post-184","page","type-page","status-publish","hentry"],"_links":{"self":[{"href":"https:\/\/olivetvousaccueil.fr\/index.php?rest_route=\/wp\/v2\/pages\/184","targetHints":{"allow":["GET"]}}],"collection":[{"href":"https:\/\/olivetvousaccueil.fr\/index.php?rest_route=\/wp\/v2\/pages"}],"about":[{"href":"https:\/\/olivetvousaccueil.fr\/index.php?rest_route=\/wp\/v2\/types\/page"}],"author":[{"embeddable":true,"href":"https:\/\/olivetvousaccueil.fr\/index.php?rest_route=\/wp\/v2\/users\/1"}],"replies":[{"embeddable":true,"href":"https:\/\/olivetvousaccueil.fr\/index.php?rest_route=%2Fwp%2Fv2%2Fcomments&post=184"}],"version-history":[{"count":49,"href":"https:\/\/olivetvousaccueil.fr\/index.php?rest_route=\/wp\/v2\/pages\/184\/revisions"}],"predecessor-version":[{"id":2628,"href":"https:\/\/olivetvousaccueil.fr\/index.php?rest_route=\/wp\/v2\/pages\/184\/revisions\/2628"}],"wp:attachment":[{"href":"https:\/\/olivetvousaccueil.fr\/index.php?rest_route=%2Fwp%2Fv2%2Fmedia&parent=184"}],"curies":[{"name":"wp","href":"https:\/\/api.w.org\/{rel}","templated":true}]}}